{"id":292,"date":"2019-07-03T21:33:45","date_gmt":"2019-07-03T21:33:45","guid":{"rendered":"http:\/\/julienserru.com\/?page_id=292"},"modified":"2019-11-03T13:04:25","modified_gmt":"2019-11-03T13:04:25","slug":"institutions","status":"publish","type":"page","link":"https:\/\/julienserru.com\/?page_id=292","title":{"rendered":"INSTITUTIONS \/ ASSOCIATIONS"},"content":{"rendered":"\n<p><strong>MENU : <\/strong><a href=\"http:\/\/julienserru.com\/?page_id=331\"><strong>DOSSIERS DE PRESSE<\/strong><\/a><strong> &#8211; <\/strong><a href=\"http:\/\/julienserru.com\/?page_id=371\"><strong>COMMUNICATION<\/strong><\/a><strong> &#8211; <\/strong><a href=\"http:\/\/julienserru.com\/?page_id=317\"><strong>RELATIONS PRESSE<\/strong><\/a><strong> &#8211; <a href=\"http:\/\/julienserru.com\/?page_id=318\">GRAPHISME \/ MISE EN PAGE<\/a><\/strong> &#8211; <a href=\"https:\/\/julienserru.com\/?page_id=1774\"><strong>FORMATION EN IMAGE ET EN COMMUNICATION<\/strong><\/a><\/p>\n\n\n\n<p class=\"has-small-font-size\">La communication dans le domaine politique, institutionnel, associatif est primordiale puisqu&rsquo;elle porte : des ambitions politiques, une philosophie, des actions, des d\u00e9clarations, des r\u00e9actions \u00e0 l&rsquo;actualit\u00e9, &#8230; Des enjeux vari\u00e9s et des acteurs diff\u00e9rents \u00e0 prendre en consid\u00e9ration : des citoyens, des \u00e9lus, l\u2019administration, des b\u00e9n\u00e9voles, des sympathisants, &#8230; <\/p>\n\n\n\n<p class=\"has-small-font-size\">A travers des strat\u00e9gies, des plans de promotion efficaces, des relations presse, des id\u00e9es originales, des \u00e9v\u00e9nements, &#8230; il faut d\u00e9fendre des visions et r\u00e9pondre \u00e0 des questions.<\/p>\n\n\n\n<p class=\"has-small-font-size\"><strong>Un point sp\u00e9cifique, les institutions \u00e0 l&rsquo;heure du num\u00e9rique :<\/strong><\/p>\n\n\n\n<p class=\"has-small-font-size\">Pour la communication d&rsquo;un \u00e9lu, d&rsquo;une institution, d&rsquo;une association, &#8230; il faut savoir structurer ses prises de paroles y compris sur les r\u00e9seaux sociaux. Il faut \u00e9tablir des campagnes de communication sur un sujet, une actualit\u00e9, des d\u00e9clarations, &#8230; gr\u00e2ce \u00e0 des s\u00e9ries de messages, de photographies, de vid\u00e9os, de statistiques, &#8230; adapt\u00e9es \u00e0 chaque r\u00e9seau social. Cette forme de communication, aussi appel\u00e9, community management est importante pour la notori\u00e9t\u00e9, l&rsquo;image, les actions publiques, les pens\u00e9es, &#8230;<\/p>\n\n\n\n<p><strong>INVITATION A LA JOURN\u00c9E DE LA COMM\u00c9MORATION DE L&rsquo;ABOLITION DE L&rsquo;ESCLAVAGE DE 2013 SUITE A UNE MISSION EFFECTU\u00c9E : <\/strong><\/p>\n\n\n\n<ul class=\"wp-block-gallery columns-2 is-cropped wp-block-gallery-1 is-layout-flex wp-block-gallery-is-layout-flex\"><li class=\"blocks-gallery-item\"><figure><img loading=\"lazy\" decoding=\"async\" width=\"864\" height=\"486\" src=\"http:\/\/julienserru.com\/wp-content\/uploads\/2019\/07\/DSC_0510.jpg\" alt=\"\" data-id=\"717\" data-link=\"http:\/\/julienserru.com\/?attachment_id=717\" class=\"wp-image-717\" srcset=\"https:\/\/julienserru.com\/wp-content\/uploads\/2019\/07\/DSC_0510.jpg 864w, https:\/\/julienserru.com\/wp-content\/uploads\/2019\/07\/DSC_0510-300x169.jpg 300w, https:\/\/julienserru.com\/wp-content\/uploads\/2019\/07\/DSC_0510-768x432.jpg 768w\" sizes=\"(max-width: 864px) 100vw, 864px\" \/><\/figure><\/li><li class=\"blocks-gallery-item\"><figure><img loading=\"lazy\" decoding=\"async\" width=\"864\" height=\"486\" src=\"http:\/\/julienserru.com\/wp-content\/uploads\/2019\/07\/DSC_0488.jpg\" alt=\"\" data-id=\"716\" data-link=\"http:\/\/julienserru.com\/?attachment_id=716\" class=\"wp-image-716\" srcset=\"https:\/\/julienserru.com\/wp-content\/uploads\/2019\/07\/DSC_0488.jpg 864w, https:\/\/julienserru.com\/wp-content\/uploads\/2019\/07\/DSC_0488-300x169.jpg 300w, https:\/\/julienserru.com\/wp-content\/uploads\/2019\/07\/DSC_0488-768x432.jpg 768w\" sizes=\"(max-width: 864px) 100vw, 864px\" \/><\/figure><\/li><\/ul>\n\n\n\n<p><\/p>\n\n\n\n<p><strong>MEMBRE DU JURY DES \u00ab\u00a0OUTRE-MER DURABLES\u00a0\u00bb POUR LES ECO MAIRES<\/strong><\/p>\n\n\n\n<ul class=\"wp-block-gallery columns-1 is-cropped wp-block-gallery-2 is-layout-flex wp-block-gallery-is-layout-flex\"><li class=\"blocks-gallery-item\"><figure><img loading=\"lazy\" decoding=\"async\" width=\"1024\" height=\"574\" src=\"http:\/\/julienserru.com\/wp-content\/uploads\/2019\/07\/jury-copie-copie-1024x574.jpg\" alt=\"\" data-id=\"862\" data-link=\"http:\/\/julienserru.com\/?attachment_id=862\" class=\"wp-image-862\" srcset=\"https:\/\/julienserru.com\/wp-content\/uploads\/2019\/07\/jury-copie-copie-1024x574.jpg 1024w, https:\/\/julienserru.com\/wp-content\/uploads\/2019\/07\/jury-copie-copie-300x168.jpg 300w, https:\/\/julienserru.com\/wp-content\/uploads\/2019\/07\/jury-copie-copie-768x431.jpg 768w, https:\/\/julienserru.com\/wp-content\/uploads\/2019\/07\/jury-copie-copie.jpg 1378w\" sizes=\"(max-width: 1024px) 100vw, 1024px\" \/><figcaption>SONY DSC<\/figcaption><\/figure><\/li><\/ul>\n\n\n\n<div class=\"wp-block-file\"><a href=\"http:\/\/julienserru.com\/wp-content\/uploads\/2019\/07\/Eco-maires-mentionne-page-34.pdf\"> Mentionn\u00e9 page 34 de la brochure, pour ma nomination comme membre du jury : <\/a><a href=\"http:\/\/julienserru.com\/wp-content\/uploads\/2019\/07\/Eco-maires-mentionne-page-34.pdf\" class=\"wp-block-file__button\" download>Cliquez ici<\/a><\/div>\n\n\n\n<p><strong>Remise du 3\u00e8me prix par mes soins \u00e0 l&rsquo;Assembl\u00e9e Nationale :<\/strong><\/p>\n\n\n\n<ul class=\"wp-block-gallery columns-2 wp-block-gallery-3 is-layout-flex wp-block-gallery-is-layout-flex\"><li class=\"blocks-gallery-item\"><figure><img loading=\"lazy\" decoding=\"async\" width=\"1024\" height=\"576\" src=\"http:\/\/julienserru.com\/wp-content\/uploads\/2019\/07\/DSC_0240-1024x576.jpg\" alt=\"\" data-id=\"867\" data-link=\"http:\/\/julienserru.com\/?attachment_id=867\" class=\"wp-image-867\" srcset=\"https:\/\/julienserru.com\/wp-content\/uploads\/2019\/07\/DSC_0240-1024x576.jpg 1024w, https:\/\/julienserru.com\/wp-content\/uploads\/2019\/07\/DSC_0240-300x169.jpg 300w, https:\/\/julienserru.com\/wp-content\/uploads\/2019\/07\/DSC_0240-768x432.jpg 768w, https:\/\/julienserru.com\/wp-content\/uploads\/2019\/07\/DSC_0240-1140x641.jpg 1140w, https:\/\/julienserru.com\/wp-content\/uploads\/2019\/07\/DSC_0240.jpg 1264w\" sizes=\"(max-width: 1024px) 100vw, 1024px\" \/><\/figure><\/li><li class=\"blocks-gallery-item\"><figure><img loading=\"lazy\" decoding=\"async\" width=\"1024\" height=\"576\" src=\"http:\/\/julienserru.com\/wp-content\/uploads\/2019\/07\/DSC_0255-1024x576.jpg\" alt=\"\" data-id=\"868\" data-link=\"http:\/\/julienserru.com\/?attachment_id=868\" class=\"wp-image-868\" srcset=\"https:\/\/julienserru.com\/wp-content\/uploads\/2019\/07\/DSC_0255-1024x576.jpg 1024w, https:\/\/julienserru.com\/wp-content\/uploads\/2019\/07\/DSC_0255-300x169.jpg 300w, https:\/\/julienserru.com\/wp-content\/uploads\/2019\/07\/DSC_0255-768x432.jpg 768w, https:\/\/julienserru.com\/wp-content\/uploads\/2019\/07\/DSC_0255-1140x641.jpg 1140w, https:\/\/julienserru.com\/wp-content\/uploads\/2019\/07\/DSC_0255.jpg 1264w\" sizes=\"(max-width: 1024px) 100vw, 1024px\" \/><\/figure><\/li><li class=\"blocks-gallery-item\"><figure><img loading=\"lazy\" decoding=\"async\" width=\"1024\" height=\"576\" src=\"http:\/\/julienserru.com\/wp-content\/uploads\/2019\/07\/DSC_0258-1024x576.jpg\" alt=\"\" data-id=\"869\" data-link=\"http:\/\/julienserru.com\/?attachment_id=869\" class=\"wp-image-869\" srcset=\"https:\/\/julienserru.com\/wp-content\/uploads\/2019\/07\/DSC_0258-1024x576.jpg 1024w, https:\/\/julienserru.com\/wp-content\/uploads\/2019\/07\/DSC_0258-300x169.jpg 300w, https:\/\/julienserru.com\/wp-content\/uploads\/2019\/07\/DSC_0258-768x432.jpg 768w, https:\/\/julienserru.com\/wp-content\/uploads\/2019\/07\/DSC_0258-1140x641.jpg 1140w, https:\/\/julienserru.com\/wp-content\/uploads\/2019\/07\/DSC_0258.jpg 1264w\" sizes=\"(max-width: 1024px) 100vw, 1024px\" \/><\/figure><\/li><li class=\"blocks-gallery-item\"><figure><img loading=\"lazy\" decoding=\"async\" width=\"1024\" height=\"576\" src=\"http:\/\/julienserru.com\/wp-content\/uploads\/2019\/07\/DSC_0263-1024x576.jpg\" alt=\"\" data-id=\"870\" data-link=\"http:\/\/julienserru.com\/?attachment_id=870\" class=\"wp-image-870\" srcset=\"https:\/\/julienserru.com\/wp-content\/uploads\/2019\/07\/DSC_0263-1024x576.jpg 1024w, https:\/\/julienserru.com\/wp-content\/uploads\/2019\/07\/DSC_0263-300x169.jpg 300w, https:\/\/julienserru.com\/wp-content\/uploads\/2019\/07\/DSC_0263-768x432.jpg 768w, https:\/\/julienserru.com\/wp-content\/uploads\/2019\/07\/DSC_0263-1140x641.jpg 1140w, https:\/\/julienserru.com\/wp-content\/uploads\/2019\/07\/DSC_0263.jpg 1264w\" sizes=\"(max-width: 1024px) 100vw, 1024px\" \/><\/figure><\/li><\/ul>\n\n\n\n<p class=\"has-small-font-size\">( copyright 2013 )<\/p>\n\n\n\n<p><strong>FORMATEUR EN COMMUNICATION<\/strong>, (sous statut de travailleur ind\u00e9pendant),&nbsp;<strong>Maison de l\u2019Emploi et de la Formation de Nanterre<\/strong><\/p>\n\n\n\n<figure class=\"wp-block-image\"><img loading=\"lazy\" decoding=\"async\" width=\"1024\" height=\"576\" src=\"http:\/\/julienserru.com\/wp-content\/uploads\/2019\/07\/13227439_1170015199677501_1460577251280518196_o-1024x576.jpg\" alt=\"\" class=\"wp-image-1692\" srcset=\"https:\/\/julienserru.com\/wp-content\/uploads\/2019\/07\/13227439_1170015199677501_1460577251280518196_o-1024x576.jpg 1024w, https:\/\/julienserru.com\/wp-content\/uploads\/2019\/07\/13227439_1170015199677501_1460577251280518196_o-300x169.jpg 300w, https:\/\/julienserru.com\/wp-content\/uploads\/2019\/07\/13227439_1170015199677501_1460577251280518196_o-768x432.jpg 768w, https:\/\/julienserru.com\/wp-content\/uploads\/2019\/07\/13227439_1170015199677501_1460577251280518196_o-1140x641.jpg 1140w, https:\/\/julienserru.com\/wp-content\/uploads\/2019\/07\/13227439_1170015199677501_1460577251280518196_o.jpg 2048w\" sizes=\"(max-width: 1024px) 100vw, 1024px\" \/><\/figure>\n\n\n\n<p class=\"has-small-font-size\"><strong>Missions men\u00e9es par mes soins :&nbsp;<\/strong>cr\u00e9ation et animation d\u2019ateliers de communication<br>Chaque nouvel inscrit \u00e0 la Maison de l\u2019Emploi et de la Formation de Nanterre avait le droit d\u2019acc\u00e9der \u00e0 la formation en Communication dont je m\u2019occupais.&nbsp;<br><strong>Th\u00e8mes des ateliers&nbsp;<\/strong>: sensibilisation \u00e0 la communication, explications autour de la cr\u00e9ation d\u2019un plan promo, \u00e9tude d\u2019une campagne de communication : recherche d\u2019un slogan, \u00e9l\u00e9ments variants et invariants, \u2026 devoirs surveill\u00e9s : brainstorming et recherches pour la cr\u00e9ation d\u2019un logo\n\n<\/p>\n\n\n\n<p><strong>Durant la seconde participation \u00e0 un concours organis\u00e9 par un minist\u00e8re, prix obtenu :<\/strong><\/p>\n\n\n\n<ul class=\"wp-block-gallery aligncenter columns-1 is-cropped wp-block-gallery-4 is-layout-flex wp-block-gallery-is-layout-flex\"><li class=\"blocks-gallery-item\"><figure><img loading=\"lazy\" decoding=\"async\" width=\"1024\" height=\"681\" src=\"http:\/\/julienserru.com\/wp-content\/uploads\/2019\/07\/Julien-Serru-Medaille-Concours-ecrit-resistance-deportation-1-1024x681.jpg\" alt=\"\" data-id=\"859\" data-link=\"http:\/\/julienserru.com\/?attachment_id=859\" class=\"wp-image-859\" srcset=\"https:\/\/julienserru.com\/wp-content\/uploads\/2019\/07\/Julien-Serru-Medaille-Concours-ecrit-resistance-deportation-1-1024x681.jpg 1024w, https:\/\/julienserru.com\/wp-content\/uploads\/2019\/07\/Julien-Serru-Medaille-Concours-ecrit-resistance-deportation-1-300x200.jpg 300w, https:\/\/julienserru.com\/wp-content\/uploads\/2019\/07\/Julien-Serru-Medaille-Concours-ecrit-resistance-deportation-1-768x511.jpg 768w\" sizes=\"(max-width: 1024px) 100vw, 1024px\" \/><figcaption> Prix obtenu \u00e0 un concours organis\u00e9 par le Minist\u00e8re de l&rsquo;Education nationale <\/figcaption><\/figure><\/li><\/ul>\n\n\n\n<p>Exemple d&rsquo;invitation : Rentr\u00e9e politique de Val\u00e9rie P\u00e9cresse <\/p>\n\n\n\n<figure class=\"wp-block-embed-facebook wp-block-embed is-type-video is-provider-facebook\"><div class=\"wp-block-embed__wrapper\">\n<div id=\"fb-root\"><\/div><script async=\"1\" defer=\"1\" crossorigin=\"anonymous\" src=\"https:\/\/connect.facebook.net\/fr_FR\/sdk.js#xfbml=1&amp;version=v4.0\"><\/script><div class=\"fb-video\" data-href=\"https:\/\/www.facebook.com\/eagleoffanpage\/videos\/pcb.1296404987190442\/496882127763672\/?type=3&amp;theater\" data-width=\"1170\"><blockquote cite=\"https:\/\/www.facebook.com\/eagleoffanpage\/videos\/496882127763672\/\" class=\"fb-xfbml-parse-ignore\"><a href=\"https:\/\/www.facebook.com\/eagleoffanpage\/videos\/496882127763672\/\"><\/a><p><\/p>Publi\u00e9e par <a href=\"https:\/\/www.facebook.com\/eagleoffanpage\/\">Julien Serru Eagleof<\/a> sur Lundi 2 septembre 2019<\/blockquote><\/div>\n<\/div><\/figure>\n\n\n\n<p class=\"has-small-font-size\"><strong>Tarifs<\/strong> <strong>et demandes de devis<\/strong> <strong>: julien.serru@gmail.com ou +33 (0)6 62 49 27 25<\/strong><\/p>\n","protected":false},"excerpt":{"rendered":"<p>MENU : DOSSIERS DE PRESSE &#8211; COMMUNICATION &#8211; RELATIONS PRESSE &#8211; GRAPHISME \/ MISE EN PAGE &#8211; FORMATION EN IMAGE ET EN COMMUNICATION La communication dans le domaine politique, institutionnel, associatif est primordiale puisqu&rsquo;elle porte : des ambitions politiques, une philosophie, des actions, des d\u00e9clarations, des r\u00e9actions \u00e0 l&rsquo;actualit\u00e9, &#8230; Des enjeux vari\u00e9s et des&hellip;<\/p>\n","protected":false},"author":1,"featured_media":0,"parent":0,"menu_order":0,"comment_status":"closed","ping_status":"closed","template":"","meta":{"om_disable_all_campaigns":false,"_monsterinsights_skip_tracking":false,"_monsterinsights_sitenote_active":false,"_monsterinsights_sitenote_note":"","_monsterinsights_sitenote_category":0,"_uf_show_specific_survey":0,"_uf_disable_surveys":false,"footnotes":""},"class_list":["post-292","page","type-page","status-publish","hentry"],"aioseo_notices":[],"_links":{"self":[{"href":"https:\/\/julienserru.com\/index.php?rest_route=\/wp\/v2\/pages\/292"}],"collection":[{"href":"https:\/\/julienserru.com\/index.php?rest_route=\/wp\/v2\/pages"}],"about":[{"href":"https:\/\/julienserru.com\/index.php?rest_route=\/wp\/v2\/types\/page"}],"author":[{"embeddable":true,"href":"https:\/\/julienserru.com\/index.php?rest_route=\/wp\/v2\/users\/1"}],"replies":[{"embeddable":true,"href":"https:\/\/julienserru.com\/index.php?rest_route=%2Fwp%2Fv2%2Fcomments&post=292"}],"version-history":[{"count":28,"href":"https:\/\/julienserru.com\/index.php?rest_route=\/wp\/v2\/pages\/292\/revisions"}],"predecessor-version":[{"id":1782,"href":"https:\/\/julienserru.com\/index.php?rest_route=\/wp\/v2\/pages\/292\/revisions\/1782"}],"wp:attachment":[{"href":"https:\/\/julienserru.com\/index.php?rest_route=%2Fwp%2Fv2%2Fmedia&parent=292"}],"curies":[{"name":"wp","href":"https:\/\/api.w.org\/{rel}","templated":true}]}}